{"id":432,"date":"2022-04-17T09:10:07","date_gmt":"2022-04-17T09:10:07","guid":{"rendered":"https:\/\/fondazionevajont.org\/?page_id=432"},"modified":"2025-04-08T07:30:30","modified_gmt":"2025-04-08T07:30:30","slug":"fondazione","status":"publish","type":"page","link":"https:\/\/fondazionevajont.org\/?page_id=432","title":{"rendered":"Fondazione"},"content":{"rendered":"<p>[et_pb_section fb_built=&#8221;1&#8243; _builder_version=&#8221;4.17.3&#8243; _module_preset=&#8221;default&#8221; background_enable_color=&#8221;off&#8221; use_background_color_gradient=&#8221;on&#8221; background_color_gradient_direction=&#8221;90deg&#8221; background_color_gradient_stops=&#8221;rgba(11,25,50,0.54) 0%|rgba(255,255,255,0) 100%&#8221; background_color_gradient_overlays_image=&#8221;on&#8221; background_color_gradient_start=&#8221;rgba(43,135,218,0.71)&#8221; background_color_gradient_end=&#8221;#006bc9&#8243; background_image=&#8221;https:\/\/fondazionevajont.org\/wp-content\/uploads\/2022\/04\/Municipio-scaled.jpg&#8221; background_blend=&#8221;darken&#8221; min_height=&#8221;93vh&#8221; custom_padding=&#8221;||||false|false&#8221; custom_css_main_element=&#8221;display: flex;||flex-direction: column;||justify-content: center;&#8221; saved_tabs=&#8221;all&#8221; global_colors_info=&#8221;{}&#8221;][\/et_pb_section][et_pb_section fb_built=&#8221;1&#8243; _builder_version=&#8221;4.17.3&#8243; _module_preset=&#8221;default&#8221; height=&#8221;100vh&#8221; custom_css_main_element=&#8221;display: flex;||flex-direction: column;||justify-content: center;&#8221; global_colors_info=&#8221;{}&#8221;][et_pb_row _builder_version=&#8221;4.17.3&#8243; _module_preset=&#8221;default&#8221; min_height=&#8221;428px&#8221; custom_margin=&#8221;-1px||||false|false&#8221; global_colors_info=&#8221;{}&#8221;][et_pb_column type=&#8221;4_4&#8243; _builder_version=&#8221;4.17.3&#8243; _module_preset=&#8221;default&#8221; global_colors_info=&#8221;{}&#8221;][et_pb_text _builder_version=&#8221;4.17.3&#8243; _module_preset=&#8221;9e181890-ec9c-4f1a-bc92-7b1c453cdcec&#8221; text_font=&#8221;Roboto||||||||&#8221; text_font_size=&#8221;12px&#8221; quote_text_align=&#8221;center&#8221; quote_text_color=&#8221;#233658&#8243; custom_margin=&#8221;-10px||||false|false&#8221; custom_padding=&#8221;0px||||false|false&#8221; global_colors_info=&#8221;{}&#8221;]<\/p>\n<blockquote><p><span style=\"font-family: Roboto; font-size: 35px; color: #333333;\">Fondazione Vajont attiva dal 18 ottobre 2003, in concomitanza con le celebrazioni per il 40\u00b0 anniversario del disastro del 9 ottobre 1963<\/span><\/p><\/blockquote>\n<p>[\/et_pb_text][\/et_pb_column][\/et_pb_row][\/et_pb_section][et_pb_section fb_built=&#8221;1&#8243; _builder_version=&#8221;4.17.3&#8243; _module_preset=&#8221;default&#8221; custom_margin=&#8221;-129px|||||&#8221; global_colors_info=&#8221;{}&#8221;][et_pb_row _builder_version=&#8221;4.17.3&#8243; _module_preset=&#8221;default&#8221; width=&#8221;100%&#8221; max_width=&#8221;100%&#8221; global_colors_info=&#8221;{}&#8221;][et_pb_column type=&#8221;4_4&#8243; _builder_version=&#8221;4.17.3&#8243; _module_preset=&#8221;default&#8221; global_colors_info=&#8221;{}&#8221;][et_pb_accordion _builder_version=&#8221;4.17.3&#8243; _module_preset=&#8221;default&#8221; hover_enabled=&#8221;0&#8243; global_colors_info=&#8221;{}&#8221; sticky_enabled=&#8221;0&#8243;][et_pb_accordion_item title=&#8221;Costituzione&#8221; _builder_version=&#8221;4.17.3&#8243; _module_preset=&#8221;default&#8221; global_colors_info=&#8221;{}&#8221; open=&#8221;on&#8221;]<\/p>\n<p>L\u2019Atto \u00e8 stato sottoscritto presso il Municipio di Longarone dai Soci Fondatori: Comune di Longarone, Edison Spa, Regione del Veneto, Enel Produzione Spa, rappresentati dal Sindaco di Longarone, dott. Pierluigi De Cesero, dal dott. Giorgio Colombo, dall\u2019Assessore della Regione Veneto, il comm. Floriano Pra e dall\u2019ing. Paolo Tartaglia, indicati dai rispettivi enti o societ\u00e0 di appartenenza.<\/p>\n<p>L\u2019Atto viene sottoscritto dai Sindaci di Castellavazzo, Franco Roccon, di Erto e Casso, Luciano Pezzin, di Vajont, Felice Manarin e dal Segretario Comunale di Longarone, dott. Giuseppe Barbera, testimoni della sottoscrizione dell\u2019Atto Costitutivo.<\/p>\n<p>La costituzione della Fondazione Vajont trova la propria genesi nell\u2019accordo transattivo, approvato all\u2019unanimit\u00e0 dal Consiglio Comunale di Longarone con deliberazione n. 37 del 27 maggio 1999 e sottoscritto in data 23 giugno dello stesso anno, tra il Comune di Longarone e la Societ\u00e0 Edison Spa, per i danni causati nella catastrofe. Detto accordo prevedeva, infatti, che una cospicua parte del risarcimento fosse destinata ad una Fondazione avente per scopi lo studio dei problemi ecologici della montagna alpina e della zona del Vajont e ogni ricerca utile per la loro pi\u00f9 sana e sicura valorizzazione, nei decenni futuri, nel ricordo reso cos\u00ec partecipe e fattivo delle vittime della sciagura, che fu frutto, come i processi e la storia hanno accertato, di miope sfruttamento industriale delle risorse della natura ad opera di Sade e Enel.<\/p>\n<p>Al Comune di Longarone e alla Societ\u00e0 Edison si sono aggiunte in qualit\u00e0 di Soci Fondatori, la Regione del Veneto con deliberazione della Giunta Regionale n. 3011 del 10 ottobre 2003, in ottemperanza alla Legge Regionale n. 18 del 3 ottobre 2003 e la Societ\u00e0 Enel Produzione Spa.<\/p>\n<p>In data 7 aprile 2004 la Regione del Veneto \u2013 Direzione Enti Locali, Deleghe Istituzionali e Controllo Atti \u2013 Ufficio Persone Giuridiche \u2013 iscrive al n. 246 del Registro regionale delle persone giuridiche di diritto privato, come da decreto n. 28, di pari data, la Fondazione Vajont 9 ottobre 1963 \u2013 onlus.<\/p>\n<p>In data 22 settembre 2004 giunge dal Quirinale la comunicazione della concessione alla Fondazione da parte del Presidente della Repubblica del suo Alto Patronato.<\/p>\n<p><a href=\"https:\/\/fondazionevajont.org\/wp-content\/uploads\/2023\/03\/ATTO-COSTITUTIVO-ORIGINALE.pdf\">Atto Costitutivo (pdf)<\/a><\/p>\n<p>[\/et_pb_accordion_item][et_pb_accordion_item title=&#8221;Percorso&#8221; _builder_version=&#8221;4.17.3&#8243; _module_preset=&#8221;default&#8221; global_colors_info=&#8221;{}&#8221; open=&#8221;off&#8221;]<\/p>\n<p><span>Il Consiglio di Amministrazione, nella sua prima riunione ha nominato quale Vice Presidente della Fondazione il prof. Gioachino Bratti e quale Direttore Generale (art. 14), Giovanni De Lorenzi. Ha poi, successivamente, nominato il Comitato Scientifico, previsto dall\u2019 art. 12 dello Statuto, composto dall\u2019ing. Lucio Ubertini, designato alla Presidenza del Comitato, dall\u2019ing. Giorgio Angelo Galeati, dall\u2019ing. Paolo Pinamonti e dal dott. Antonino Vicari Sottosanti. Il Revisore dei Conti (art. 13) \u00e8 stato individuato nella persona del dott. Angelo Pasquale Pioggia di Santa Giustina Bellunese. In data successiva il consigliere regionale del Veneto Dario Bond ha surrogato il cav. Floriano Pra e l\u2019arch. Renato Migotti, invece, il prof. Gioachino Bratti. Nel corso del 2008 l\u2019ing. Gianni Signor \u00e8 subentrato al prof. Lucio Ubertini alla Presidenza del Comitato Scientifico.<\/span><\/p>\n<p>[\/et_pb_accordion_item][et_pb_accordion_item title=&#8221;Scopo&#8221; _builder_version=&#8221;4.17.3&#8243; _module_preset=&#8221;default&#8221; global_colors_info=&#8221;{}&#8221; open=&#8221;off&#8221;]<\/p>\n<p>Lo studio dei problemi dell\u2019ambiente montano ed in particolare della zona del Vajont;<\/p>\n<p>Effettuare ricerche in materia di difesa e valorizzazione della montagna nazionale alpina, lo studio idrogeologico della montagna e relativi rischi, in particolare della zona del Vajont.<\/p>\n<p>Mantenere vivo attraverso l\u2019organizzazione di attivit\u00e0 di ricerca e di studio, nonch\u00e9 con iniziative scientifiche, culturali e promozionali, il ricordo delle vittime della sciagura del 9 ottobre 1963, promuovendo ogni pi\u00f9 opportuna iniziativa atta a favorire lo sviluppo sostenibile del territorio nel pieno rispetto dell\u2019ambiente e delle risorse naturali.<\/p>\n<p>Al fine del conseguimento dello scopo sociale, la Fondazione potr\u00e0 promuovere e organizzare tutte quelle iniziative scientifiche, culturali, di ricerca, di studio e di promozione nel campo della sicurezza della vita umana e dell\u2019ambiente di montagna, concedendo sovvenzioni, premi e borse di studio e promuovendo la raccolta di fondi di denaro da destinare agli scopi anzidetti.<\/p>\n<p>Stipulare ogni atto o contratto per gestire e finanziare le proprie attivit\u00e0, nonch\u00e9 stipulare convenzioni, con enti pubblici e privati, idonee al raggiungimento degli scopi della Fondazione.<\/p>\n<p>Stipulare convenzioni per l\u2019affidamento in gestione di determinate attivit\u00e0;<br \/>Partecipare ad associazioni, enti ed istituzioni, pubbliche e private, la cui attivit\u00e0 sia attinente agli scopi della Fondazione, nonch\u00e9 concorrere alla costituzione degli stessi.<\/p>\n<p>Svolgere, in via accessoria e strumentale al perseguimento degli scopi istituzionali, attivit\u00e0 di commercializzazione, anche con riferimento al settore dell\u2019editoria e degli audiovisivi ed a quello degli articoli accessori di pubblicit\u00e0.<\/p>\n<p>[\/et_pb_accordion_item][et_pb_accordion_item title=&#8221;Statuto&#8221; _builder_version=&#8221;4.17.3&#8243; _module_preset=&#8221;default&#8221; global_colors_info=&#8221;{}&#8221; open=&#8221;off&#8221;]<\/p>\n<p><a href=\"https:\/\/fondazionevajont.org\/wp-content\/uploads\/2023\/03\/STATUTO-ORIGINALE.pdf\">Statuto (pdf)<\/a><\/p>\n<p>[\/et_pb_accordion_item][et_pb_accordion_item title=&#8221;Soci&#8221; _builder_version=&#8221;4.17.3&#8243; _module_preset=&#8221;default&#8221; global_colors_info=&#8221;{}&#8221; open=&#8221;off&#8221;]<\/p>\n<p>Fondatori<\/p>\n<table border=\"1\" style=\"border-collapse: collapse; width: 49.7797%;\" height=\"225\">\n<tbody>\n<tr>\n<td style=\"width: 50%;\"><img loading=\"lazy\" decoding=\"async\" src=\"https:\/\/fondazionevajont.org\/wp-content\/uploads\/2023\/03\/LONGARONE_STEMMA-removebg-preview-233x300.png\" width=\"154\" height=\"198\" alt=\"\" class=\"wp-image-1074 alignnone size-medium\" style=\"display: block; margin-left: auto; margin-right: auto;\" srcset=\"https:\/\/fondazionevajont.org\/wp-content\/uploads\/2023\/03\/LONGARONE_STEMMA-removebg-preview-233x300.png 233w, https:\/\/fondazionevajont.org\/wp-content\/uploads\/2023\/03\/LONGARONE_STEMMA-removebg-preview-400x516.png 400w, https:\/\/fondazionevajont.org\/wp-content\/uploads\/2023\/03\/LONGARONE_STEMMA-removebg-preview.png 440w\" sizes=\"(max-width: 154px) 100vw, 154px\" \/><\/td>\n<td style=\"width: 50%;\"><img loading=\"lazy\" decoding=\"async\" src=\"https:\/\/fondazionevajont.org\/wp-content\/uploads\/2023\/03\/veneto_newsconcorsi-uai-1440x768-removebg-preview-300x160.png\" width=\"300\" height=\"160\" alt=\"\" class=\"wp-image-1076 alignnone size-medium\" style=\"display: block; margin-left: auto; margin-right: auto;\" \/><\/td>\n<\/tr>\n<tr>\n<td style=\"width: 50%; text-align: center;\">Comune di Longarone<\/td>\n<td style=\"width: 50%; text-align: center;\">Regione del Veneto<\/td>\n<\/tr>\n<\/tbody>\n<\/table>\n<p>&nbsp;<\/p>\n<table border=\"1\" style=\"border-collapse: collapse; width: 49.7797%;\" height=\"165\">\n<tbody>\n<tr>\n<td style=\"width: 50%;\"><img loading=\"lazy\" decoding=\"async\" src=\"https:\/\/fondazionevajont.org\/wp-content\/uploads\/2023\/04\/enel-logo-new_176067-300x110.jpg\" width=\"300\" height=\"110\" alt=\"\" class=\"wp-image-1181 alignnone size-medium\" srcset=\"https:\/\/fondazionevajont.org\/wp-content\/uploads\/2023\/04\/enel-logo-new_176067-300x110.jpg 300w, https:\/\/fondazionevajont.org\/wp-content\/uploads\/2023\/04\/enel-logo-new_176067.jpg 446w\" sizes=\"(max-width: 300px) 100vw, 300px\" \/><\/td>\n<td style=\"width: 50%;\"><img loading=\"lazy\" decoding=\"async\" src=\"https:\/\/fondazionevajont.org\/wp-content\/uploads\/2023\/03\/Edison_com_RGB_600-removebg-preview-300x162.png\" width=\"244\" height=\"132\" alt=\"\" class=\"wp-image-1075 alignnone size-medium\" style=\"display: block; margin-left: auto; margin-right: auto;\" \/><\/td>\n<\/tr>\n<tr>\n<td style=\"width: 50%; text-align: center;\">Enel Produzione SpA<\/td>\n<td style=\"width: 50%; text-align: center;\">Edison SpA<\/td>\n<\/tr>\n<\/tbody>\n<\/table>\n<p>&nbsp;<\/p>\n<p>Onorari<\/p>\n<p>Comune di Castellavazzo \u00e8 stato fuso con il Comune di Longarone<br \/>Comune di Erto e Casso<br \/>Comune di Vajont<\/p>\n<p>[\/et_pb_accordion_item][et_pb_accordion_item title=&#8221;CDA&#8221; open=&#8221;off&#8221; _builder_version=&#8221;4.17.3&#8243; _module_preset=&#8221;default&#8221; hover_enabled=&#8221;0&#8243; global_colors_info=&#8221;{}&#8221; sticky_enabled=&#8221;0&#8243;]<\/p>\n<table border=\"0\" style=\"width: 32.0117%; border-collapse: collapse; border-style: none; height: 114px;\" height=\"67\">\n<tbody>\n<tr style=\"height: 114px;\">\n<td style=\"width: 50%; height: 114px;\">Presidente<br \/>Roberto Padrin<\/td>\n<td style=\"width: 50%; height: 114px;\"><img loading=\"lazy\" decoding=\"async\" src=\"https:\/\/fondazionevajont.org\/wp-content\/uploads\/2023\/03\/PRESIDENTE_ROBERTO_PADRIN_CDA_2020.png\" width=\"279\" height=\"284\" alt=\"\" class=\"wp-image-1098 alignnone size-full\" \/><\/td>\n<\/tr>\n<\/tbody>\n<\/table>\n<table border=\"0\" style=\"width: 32.0117%; border-collapse: collapse; border-style: none;\" height=\"118\">\n<tbody>\n<tr>\n<td style=\"width: 50%;\">Vice Presidente<br \/>Fabio Coppiardi<\/td>\n<td style=\"width: 50%;\"><img loading=\"lazy\" decoding=\"async\" src=\"https:\/\/fondazionevajont.org\/wp-content\/uploads\/2024\/06\/Fabio-Coppiardi-298x300.jpg\" width=\"298\" height=\"300\" alt=\"\" class=\"wp-image-1498 alignnone size-medium\" srcset=\"https:\/\/fondazionevajont.org\/wp-content\/uploads\/2024\/06\/Fabio-Coppiardi-298x300.jpg 298w, https:\/\/fondazionevajont.org\/wp-content\/uploads\/2024\/06\/Fabio-Coppiardi-150x150.jpg 150w, https:\/\/fondazionevajont.org\/wp-content\/uploads\/2024\/06\/Fabio-Coppiardi.jpg 362w\" sizes=\"(max-width: 298px) 100vw, 298px\" \/><\/td>\n<\/tr>\n<\/tbody>\n<\/table>\n<table border=\"0\" height=\"116\" style=\"width: 31.8649%; border-collapse: collapse; border-style: none;\">\n<tbody>\n<tr>\n<td style=\"width: 50%;\">Consigliere Barbara Terenghi<\/td>\n<td style=\"width: 50%;\"><img loading=\"lazy\" decoding=\"async\" src=\"https:\/\/fondazionevajont.org\/wp-content\/uploads\/2024\/10\/Terenghi_Foto-291x300.jpg\" width=\"291\" height=\"300\" alt=\"\" class=\"wp-image-1641 alignnone size-medium\" srcset=\"https:\/\/fondazionevajont.org\/wp-content\/uploads\/2024\/10\/Terenghi_Foto-291x300.jpg 291w, https:\/\/fondazionevajont.org\/wp-content\/uploads\/2024\/10\/Terenghi_Foto.jpg 432w\" sizes=\"(max-width: 291px) 100vw, 291px\" \/><\/td>\n<\/tr>\n<\/tbody>\n<\/table>\n<table border=\"0\" style=\"width: 31.7181%; border-collapse: collapse; border-style: none;\" height=\"146\">\n<tbody>\n<tr>\n<td style=\"width: 50%;\">Consigliere Simone Osta<\/td>\n<td style=\"width: 50%;\"><img loading=\"lazy\" decoding=\"async\" src=\"https:\/\/fondazionevajont.org\/wp-content\/uploads\/2024\/10\/Osta_Foto-266x300.jpg\" width=\"266\" height=\"300\" alt=\"\" class=\"wp-image-1643 alignnone size-medium\" srcset=\"https:\/\/fondazionevajont.org\/wp-content\/uploads\/2024\/10\/Osta_Foto-266x300.jpg 266w, https:\/\/fondazionevajont.org\/wp-content\/uploads\/2024\/10\/Osta_Foto.jpg 432w\" sizes=\"(max-width: 266px) 100vw, 266px\" \/><\/td>\n<\/tr>\n<\/tbody>\n<\/table>\n<table border=\"0\" style=\"width: 31.4243%; border-collapse: collapse; border-style: none;\" height=\"87\">\n<tbody>\n<tr>\n<td style=\"width: 50%;\">Consigliere Marco Campus<\/td>\n<td style=\"width: 50%;\"><img loading=\"lazy\" decoding=\"async\" src=\"https:\/\/fondazionevajont.org\/wp-content\/uploads\/2024\/10\/Campus_Foto-262x300.jpg\" width=\"262\" height=\"300\" alt=\"\" class=\"wp-image-1644 alignnone size-medium\" srcset=\"https:\/\/fondazionevajont.org\/wp-content\/uploads\/2024\/10\/Campus_Foto-262x300.jpg 262w, https:\/\/fondazionevajont.org\/wp-content\/uploads\/2024\/10\/Campus_Foto.jpg 432w\" sizes=\"(max-width: 262px) 100vw, 262px\" \/><\/td>\n<\/tr>\n<\/tbody>\n<\/table>\n<p>&nbsp;<\/p>\n<p>COMITATO SCIENTIFICO (scaduto in fase di rinnovo)<\/p>\n<p>&nbsp;<\/p>\n<table border=\"0\" style=\"width: 33.4802%; border-collapse: collapse; border-style: none;\" height=\"112\">\n<tbody>\n<tr>\n<td style=\"width: 50%;\">DIRETTORE GENERALE Mauro Carazzai<\/td>\n<td style=\"width: 50%;\"><img loading=\"lazy\" decoding=\"async\" src=\"https:\/\/fondazionevajont.org\/wp-content\/uploads\/2023\/03\/CARAZZAI-MAURO_FOTO-e1682523344577-300x291.jpg\" width=\"300\" height=\"291\" alt=\"\" class=\"wp-image-1108 alignnone size-medium\" \/><\/td>\n<\/tr>\n<\/tbody>\n<\/table>\n<p>Subentrato a Giovanni De Lorenzi il 03\/01\/2022<\/p>\n<p>&nbsp;<\/p>\n<table border=\"0\" style=\"width: 33.4802%; border-collapse: collapse; border-style: none;\" height=\"112\">\n<tbody>\n<tr>\n<td style=\"width: 50%;\">REVISORE DEI CONTI<br \/>Dott. Simone Bristot<\/td>\n<td style=\"width: 50%;\"><img loading=\"lazy\" decoding=\"async\" src=\"https:\/\/fondazionevajont.org\/wp-content\/uploads\/2025\/04\/SIMONE-BRISTOT.jpg\" width=\"293\" height=\"260\" alt=\"\" class=\"wp-image-1662 alignnone size-full\" \/><\/td>\n<\/tr>\n<\/tbody>\n<\/table>\n<p>&nbsp;<\/p>\n<p class=\"p1\"><span class=\"s1\">Il Consiglio di Amministrazione rinnovato in data 17 novembre 2020, rimarr\u00e0 in carica sino,\u00a0 all\u2019approvazione del Bilancio Consuntivo 2023. Cos\u00ec il Revisore dei Conti, mentre il Presidente, come previsto dallo Statuto, corrisponde alla figura del Sindaco di Longarone, che ne assume il ruolo con la propria elezione. Il Direttore svolge incarico di collaborazione a tempo determinato. Nessun amministratore percepisce un compenso per l\u2019esercizio della carica, ricoperta, invece, gratuitamente (Statuto \u2013 art. 9 ultimo capoverso), mentre il Revisore percepisce un compenso secondo tariffa dell\u2019Ordine.<\/span><\/p>\n<p>[\/et_pb_accordion_item][\/et_pb_accordion][\/et_pb_column][\/et_pb_row][\/et_pb_section][et_pb_section fb_built=&#8221;1&#8243; admin_label=&#8221;SMP &#8211; Dark &#8211; Header #1&#8243; _builder_version=&#8221;4.17.3&#8243; _module_preset=&#8221;default&#8221; background_enable_color=&#8221;off&#8221; background_image=&#8221;https:\/\/fondazionevajont.org\/wp-content\/uploads\/2022\/04\/MERLIN-scaled.jpg&#8221; parallax=&#8221;on&#8221; parallax_method=&#8221;off&#8221; min_height=&#8221;80vh&#8221; custom_padding=&#8221;6%||3%||false|false&#8221; mix_blend_mode=&#8221;darken&#8221; background_color_phone=&#8221;rgba(0,0,0,0.25)&#8221; background_last_edited=&#8221;on|phone&#8221; background_enable_color_phone=&#8221;on&#8221; parallax_phone=&#8221;off&#8221; background_blend_phone=&#8221;overlay&#8221; custom_css_main_element=&#8221;display: flex;||flex-direction: column;||justify-content: center;&#8221; saved_tabs=&#8221;all&#8221; collapsed=&#8221;off&#8221; global_colors_info=&#8221;{}&#8221;][et_pb_row column_structure=&#8221;1_3,1_3,1_3&#8243; _builder_version=&#8221;4.17.3&#8243; _module_preset=&#8221;default&#8221; width=&#8221;100%&#8221; max_width=&#8221;100%&#8221; custom_margin=&#8221;0px||0px||true|false&#8221; custom_padding=&#8221;0px||0px|1%|true|false&#8221; scroll_fade_enable=&#8221;on&#8221; scroll_fade=&#8221;0|35|65|100|0|100|0%&#8221; global_colors_info=&#8221;{}&#8221;][et_pb_column type=&#8221;1_3&#8243; _builder_version=&#8221;4.16&#8243; _module_preset=&#8221;default&#8221; global_colors_info=&#8221;{}&#8221;][et_pb_blurb image_icon_width=&#8221;48%&#8221; image_icon_width_tablet=&#8221;48%&#8221; image_icon_width_phone=&#8221;80%&#8221; image_icon_width_last_edited=&#8221;on|phone&#8221; content_max_width_tablet=&#8221;52%&#8221; content_max_width_phone=&#8221;100%&#8221; content_max_width_last_edited=&#8221;on|desktop&#8221; _builder_version=&#8221;4.17.3&#8243; _module_preset=&#8221;default&#8221; body_text_align=&#8221;left&#8221; body_text_color=&#8221;#FFFFFF&#8221; body_line_height=&#8221;1.6em&#8221; background_color=&#8221;RGBA(255,255,255,0)&#8221; custom_padding=&#8221;0%|0%|0%|0%|true|true&#8221; body_font_size_tablet=&#8221;17px&#8221; body_font_size_phone=&#8221;17px&#8221; body_font_size_last_edited=&#8221;on|phone&#8221; border_radii_image=&#8221;on|100%|100%|100%|100%&#8221; border_width_all_image=&#8221;0px&#8221; border_color_all_image=&#8221;RGBA(255,255,255,0)&#8221; box_shadow_style=&#8221;none&#8221; global_colors_info=&#8221;{}&#8221; transform_translate__hover_enabled=&#8221;on|hover&#8221; transform_scale__hover=&#8221;100%|100%&#8221;]<\/p>\n<p><span>Sto scrivendo queste righe col cuore stretto dai rimorsi per non avere fatto di pi\u00f9 per indurre il popolo di queste terre a ribellarsi alla minacciamortale che ora \u00e8 diventata una tragica realt\u00e0. Oggi tuttavia non si pu\u00f2 soltanto piangere. \u00c8 tempo di imparare qualcosa.<\/span><\/p>\n<p>[\/et_pb_blurb][et_pb_text _builder_version=&#8221;4.17.3&#8243; _module_preset=&#8221;default&#8221; text_font=&#8221;Barlow|700|||||||&#8221; text_text_color=&#8221;#FFFFFF&#8221; text_letter_spacing=&#8221;2px&#8221; custom_margin=&#8221;||||false|false&#8221; custom_padding=&#8221;0px||0px||true|false&#8221; custom_padding_tablet=&#8221;0px||0px||true|false&#8221; custom_padding_phone=&#8221;0px||0px|10%|true|false&#8221; custom_padding_last_edited=&#8221;on|phone&#8221; global_colors_info=&#8221;{}&#8221;]<\/p>\n<p style=\"text-align: left;\">TINA MERLIN &#8211; L&#8217;UNIT\u00c0<\/p>\n<p>[\/et_pb_text][\/et_pb_column][et_pb_column type=&#8221;1_3&#8243; _builder_version=&#8221;4.16&#8243; _module_preset=&#8221;default&#8221; global_colors_info=&#8221;{}&#8221;][\/et_pb_column][et_pb_column type=&#8221;1_3&#8243; _builder_version=&#8221;4.16&#8243; _module_preset=&#8221;default&#8221; global_colors_info=&#8221;{}&#8221;][\/et_pb_column][\/et_pb_row][\/et_pb_section]<\/p>\n","protected":false},"excerpt":{"rendered":"<p>Fondazione Vajont attiva dal 18 ottobre 2003, in concomitanza con le celebrazioni per il 40\u00b0 anniversario del disastro del 9 ottobre 1963L\u2019Atto \u00e8 stato sottoscritto presso il Municipio di Longarone [&hellip;]<\/p>\n","protected":false},"author":1,"featured_media":0,"parent":0,"menu_order":0,"comment_status":"closed","ping_status":"closed","template":"","meta":{"_et_pb_use_builder":"on","_et_pb_old_content":"","_et_gb_content_width":"","inline_featured_image":false,"footnotes":""},"class_list":["post-432","page","type-page","status-publish","hentry"],"_links":{"self":[{"href":"https:\/\/fondazionevajont.org\/index.php?rest_route=\/wp\/v2\/pages\/432","targetHints":{"allow":["GET"]}}],"collection":[{"href":"https:\/\/fondazionevajont.org\/index.php?rest_route=\/wp\/v2\/pages"}],"about":[{"href":"https:\/\/fondazionevajont.org\/index.php?rest_route=\/wp\/v2\/types\/page"}],"author":[{"embeddable":true,"href":"https:\/\/fondazionevajont.org\/index.php?rest_route=\/wp\/v2\/users\/1"}],"replies":[{"embeddable":true,"href":"https:\/\/fondazionevajont.org\/index.php?rest_route=%2Fwp%2Fv2%2Fcomments&post=432"}],"version-history":[{"count":54,"href":"https:\/\/fondazionevajont.org\/index.php?rest_route=\/wp\/v2\/pages\/432\/revisions"}],"predecessor-version":[{"id":1664,"href":"https:\/\/fondazionevajont.org\/index.php?rest_route=\/wp\/v2\/pages\/432\/revisions\/1664"}],"wp:attachment":[{"href":"https:\/\/fondazionevajont.org\/index.php?rest_route=%2Fwp%2Fv2%2Fmedia&parent=432"}],"curies":[{"name":"wp","href":"https:\/\/api.w.org\/{rel}","templated":true}]}}